{"id":364,"date":"2019-08-06T17:22:45","date_gmt":"2019-08-06T15:22:45","guid":{"rendered":"https:\/\/www.gresduvent.fr\/site\/?page_id=364"},"modified":"2025-09-19T13:58:36","modified_gmt":"2025-09-19T11:58:36","slug":"inscriptions-a-lannee","status":"publish","type":"page","link":"https:\/\/www.gresduvent.fr\/site\/inscriptions-a-lannee\/","title":{"rendered":"Inscriptions \u00e0 l&#8217;ann\u00e9e"},"content":{"rendered":"<h1 style=\"text-align: center;\">Inscription<span style=\"font-size: 16px;\">\u00a0hebdomadaire 2025-2026 :<\/span><\/h1>\n<ul class=\"ul1\">\n<li class=\"li2\" style=\"text-align: center;\"><span class=\"s3\">Enfants ( \u00e0 partir de 5 ans) 1 cr\u00e9neau \u00a0poterie : \u00a0les mercredis de 11.00 \u00e0 12.15 (paiement \u00e9chelonn\u00e9 au trimestre : 3&#215;160\u20ac Et 10\u20ac par trimestre pour la terre) , groupe de 6 inscrits.<\/span><\/li>\n<li>Ados : -poterie : les jeudis de 17.15 \u00e0 18.30 (paiement \u00e9chelonn\u00e9 au trimestre : 3&#215;160\u20ac, carte tatoo accept\u00e9e et 20\u20ac par trimestre pour la terre), deux week-ends avec groupe ados projet th\u00e9\u00e2tre (un en octobre et un en avril-mai) . groupe de 6.<br \/>\n-projet th\u00e9\u00e2tre : 2 fois par mois le mercredi 14h-16h. cf descriptif plus bas.<\/li>\n<li class=\"li2\"><span class=\"s3\">Adultes : 2 formules : *\u00a0<\/span><span class=\"s3\">\u00ab\u00a0Formule classique\u00a0\u00bb les mercredis et jeudis de 19.00 \u00e0 20.30 et le jeudi de 14.00 \u00e0 15.30 (paiement \u00e9chelonn\u00e9 au trimestre : 3&#215;160\u20ac) avec achat de terre par trimestre( en moyenne 10 \u00e0 20\u20ac par trimestre pour la formule classique), groupe de 6 \u00a0 \u00a0 \u00a0 \u00a0 \u00a0 \u00a0 \u00a0 \u00a0 \u00a0 \u00a0 \u00a0 \u00a0 \u00a0 \u00a0<\/span><span class=\"s3\">* Formule \u00ab\u00a0J\u2019en veux plus\u00a0\u00bb\u00a0\u00bb : un cr\u00e9neaux de la \u00ab\u00a0Formule classique\u00a0\u00bb + un cr\u00e9neau en semi-autonomie les lundis de 18.00 \u00e0 19.30( paiement \u00e9chelonn\u00e9 au trimestre : 3&#215;160\u20ac + 3&#215;50\u20ac et prix de la commande Terre al\u00e9atoire), r\u00e9serv\u00e9e aux personnes exp\u00e9riment\u00e9es ( places limit\u00e9es \u00e0 4).<\/span><\/li>\n<\/ul>\n<p class=\"p2\"><span class=\"s3\">Inscription fin juin ou au forum des associations le 6 septembre (attention places limit\u00e9es) aupr\u00e8s de Rapha\u00eble ou par mail pour rdv t\u00e9l\u00e9phonique : gresduvent@gmail.com<\/span><\/p>\n<p>&nbsp;<\/p>\n<p style=\"text-align: center;\"><strong><span style=\"font-family: 'comic sans ms', sans-serif; font-size: 16px;\">les projets de chaque groupe cette ann\u00e9e 2025-2026<\/span><\/strong><\/p>\n<h4>Pour tous les groupes, le th\u00e8me de l\u2019ann\u00e9e choisi fin juin avec vote pendant la soir\u00e9e \u00a0expo-vente le 25 juin \u00e0 Cognet :<\/h4>\n<h4>\u00ab QUEL TEMPS ! \u00bb<\/h4>\n<p>Les projets de l\u2019ann\u00e9e, sorties et f\u00eates sur un lien bient\u00f4t disponibles.<\/p>\n<p><!--more--><\/p>\n<h2 align=\"CENTER\"><span style=\"font-family: 'comic sans ms', sans-serif; font-size: 16px;\">D\u00e9roulement des s\u00e9ances de poterie :<\/span><\/h2>\n<p><span style=\"font-family: comic sans ms,sans-serif;\">Nous avons 1h et quart (pour les enfants et ados) ou 1h et demi (pour les adultes) devant nous pour commencer ou continuer un projet de sculpture-modelage. Sur une grande table, par groupe de 6 au plus, avec pour chacun les outils<\/span><\/p>\n<p><span style=\"font-family: comic sans ms,sans-serif;\"><img loading=\"lazy\" decoding=\"async\" class=\"size-medium wp-image-446 alignright\" src=\"https:\/\/www.gresduvent.fr\/site\/wp-content\/uploads\/2019\/08\/Tous-diff\u00e9rents-LHorizon-6-200x300.jpg\" alt=\"\" width=\"200\" height=\"300\" srcset=\"https:\/\/www.gresduvent.fr\/site\/wp-content\/uploads\/2019\/08\/Tous-diff\u00e9rents-LHorizon-6-200x300.jpg 200w, https:\/\/www.gresduvent.fr\/site\/wp-content\/uploads\/2019\/08\/Tous-diff\u00e9rents-LHorizon-6.jpg 682w, https:\/\/www.gresduvent.fr\/site\/wp-content\/uploads\/2019\/08\/Tous-diff\u00e9rents-LHorizon-6-520x781.jpg 520w, https:\/\/www.gresduvent.fr\/site\/wp-content\/uploads\/2019\/08\/Tous-diff\u00e9rents-LHorizon-6-360x541.jpg 360w, https:\/\/www.gresduvent.fr\/site\/wp-content\/uploads\/2019\/08\/Tous-diff\u00e9rents-LHorizon-6-250x375.jpg 250w, https:\/\/www.gresduvent.fr\/site\/wp-content\/uploads\/2019\/08\/Tous-diff\u00e9rents-LHorizon-6-100x150.jpg 100w\" sizes=\"auto, (max-width: 200px) 100vw, 200px\" \/><\/span><\/p>\n<p><span style=\"font-family: comic sans ms,sans-serif;\">n\u00e9cessaires, vous pourrez go\u00fbter au bonheur du toucher de la terre et apprendre les diff\u00e9rentes techniques pour sculpter mais aussi faire des bo\u00eetes, des bols, des vases\u00a0 et autres r\u00e9cipients. Vous d\u00e9couvrirez les vertus apaisantes de cette activit\u00e9 qui vide la t\u00eate et qui vous fera ressortir calme et serein(e). Suivant les groupes et les envies, partage de musiques, silence concentr\u00e9 ou bavardages seront les bienvenus ! Vous pourrez <span style=\"line-height: 1.5;\">aussi<\/span><span style=\"line-height: 1.5;\">, d\u00e9butant adultes, si vous le souhaitez, essayer le tournage pour une initiation, chacun son tour (il n&#8217;y en a qu&#8217;un!).<br \/>\n<\/span><\/span><\/p>\n<p><span style=\"font-family: comic sans ms,sans-serif;\">Les projets des diff\u00e9rents groupes rythmeront l&#8217;ann\u00e9e. ( Cf :<a href=\"https:\/\/www.gresduvent.fr\/site\/wp-content\/uploads\/2024\/08\/projets-2024-2025-1.pdf\" target=\"_blank\" rel=\"noopener noreferrer\">Projets ann\u00e9e 2024\/2025)<\/a><\/span><\/p>\n<h2><\/h2>\n<h2><span style=\"font-family: comic sans ms,sans-serif;\">TH\u00c9\u00c2TRE :<br \/>\nGroupe Adultes, \u00a0projet \u00ab spectacle multi-arts \u00bb, troupe \u00ab L\u00e9z\u2019arts \u00bb<\/span><\/h2>\n<p><span style=\"font-family: comic sans ms,sans-serif;\">* le rythme des s\u00e9ances : <\/span><\/p>\n<p><span style=\"font-family: comic sans ms,sans-serif;\">&#8211; deux apr\u00e8s-midis par mois de 14h00 \u00e0 16.00. Les dates suivantes :<\/span><\/p>\n<p>15 septembre, 5 et 19 octobre, 3 et 17 d\u00e9cembre, 7 et 21 janvier, 5 et 25 f\u00e9vrier, 11 et 25 mars, 22 avril, 6 et 20 mai, 3 et 17 juin.<\/p>\n<p>D\u2019autres dates seront s\u00fbrement programm\u00e9es ensemble.<\/p>\n<p>un week-end sera d\u00e9cid\u00e9 en fin d\u2019ann\u00e9e pour faire derni\u00e8res r\u00e9p\u00e9tition, Filage et r\u00e9p\u00e9tition g\u00e9n\u00e9rale devant un public.<\/p>\n<p><b>tarifs de l\u2019ensemble des animations \u00a0: <\/b>paiement \u00e9chelonn\u00e9 : 3 x 110\u20ac (Encaissement les 10 septembre, 10 d\u00e9cembre et 10 mars).<\/p>\n<p><span class=\"s2\">Cr\u00e9ation originale de l\u2019ann\u00e9e 2025-2026 : \u00ab Autour du lac \u00bb<\/span><\/p>\n<p><b>Objectifs p\u00e9dagogiques du projet :<\/b><\/p>\n<blockquote>\n<div class=\"gmail_quote\">\n<blockquote class=\"gmail_quote\">\n<div data-removefontsize=\"true\" data-originalcomputedfontsize=\"16\">\n<blockquote>\n<div class=\"gmail_quote\">\n<blockquote class=\"gmail_quote\">\n<div data-removefontsize=\"true\" data-originalcomputedfontsize=\"16\">\n<blockquote>\n<div dir=\"auto\" style=\"text-align: left;\" data-removefontsize=\"true\" data-originalcomputedfontsize=\"16\">Objectif de l\u2019animation :<\/div>\n<div dir=\"auto\" style=\"text-align: left;\" data-removefontsize=\"true\" data-originalcomputedfontsize=\"16\">&#8211; cr\u00e9er une \u00e9nergie de groupe, qui pourrait s\u2019apparenter \u00e0 une compagnie.<\/div>\n<div dir=\"auto\" style=\"text-align: left;\" data-removefontsize=\"true\" data-originalcomputedfontsize=\"16\">&#8211; travailler le jeu de sc\u00e8ne en acqu\u00e9rant des automatismes de d\u00e9placements dans l\u2019espace sc\u00e9nique et en incarnant v\u00e9ritablement un r\u00f4le.<\/div>\n<div dir=\"auto\" style=\"text-align: left;\" data-removefontsize=\"true\" data-originalcomputedfontsize=\"16\">&#8211; avoir un regard critique, formateur et bienveillant par rapport \u00e0 la prestation d\u2019autrui au service de la mise en sc\u00e8ne.<\/div>\n<div dir=\"auto\" style=\"text-align: left;\" data-removefontsize=\"true\" data-originalcomputedfontsize=\"16\">&#8211; construire des d\u00e9cors.<\/div>\n<div dir=\"auto\" style=\"text-align: left;\" data-removefontsize=\"true\" data-originalcomputedfontsize=\"16\">&#8211; chanter ou accompagner par une m\u00e9lodie avec un instrument de musique ou percussion corporelle.<\/div>\n<div dir=\"auto\" style=\"text-align: left;\" data-removefontsize=\"true\" data-originalcomputedfontsize=\"16\">-\u00c9crire un bout de texte pouvant s\u2019int\u00e9grer dans le texte principal du spectacle.<\/div>\n<div dir=\"auto\" style=\"text-align: left;\" data-removefontsize=\"true\" data-originalcomputedfontsize=\"16\">&#8211; aller au bout d\u2019un projet et d\u00e9marcher le spectacle pour qu\u2019il soit programm\u00e9 dans des espaces culturels du plateau matheysin.<\/div>\n<div dir=\"auto\" style=\"text-align: left;\" data-removefontsize=\"true\" data-originalcomputedfontsize=\"16\">&#8211; jouer devant un public.<\/div>\n<\/blockquote>\n<h1 dir=\"auto\" style=\"text-align: center;\" data-removefontsize=\"true\" data-originalcomputedfontsize=\"16\">Les pr\u00e9c\u00e9dentes cr\u00e9ations de la troupe L\u00c9Z\u2019ARTS<\/h1>\n<\/div>\n<\/blockquote>\n<\/div>\n<\/blockquote>\n<\/div>\n<\/blockquote>\n<\/div>\n<\/blockquote>\n<p>*Ci-dessous l\u2019affiche \u00a0du spectacle \u00ab Allez Mathis! \u00bb, projet L\u00c9Z\u2019ARTS 2021-2022, jou\u00e9 en extrait au festival des Montagn\u2019Arts et en entier 2 fois au Festival FROC \u00e0 Cholonge<\/p>\n<p>&nbsp;<\/p>\n<div data-carousel-extra='{\"blog_id\":1,\"permalink\":\"https:\\\/\\\/www.gresduvent.fr\\\/site\\\/inscriptions-a-lannee\\\/\",\"likes_blog_id\":false}' class=\"tiled-gallery type-rectangular tiled-gallery-unresized\" data-original-width=\"800\"><div class=\"gallery-row\" style=\"width: 795px; height: 559px;\"><div class=\"gallery-group images-1\" style=\"width: 795px; height: 563px;\"><div class=\"tiled-gallery-item tiled-gallery-item-large\"><a href=\"https:\/\/www.gresduvent.fr\/site\/wp-content\/uploads\/2022\/10\/30E37813-E43E-4050-A112-5F5B38729AC2-scaled.jpeg\"><img loading=\"lazy\" decoding=\"async\" data-attachment-id=\"2299\" data-orig-file=\"https:\/\/www.gresduvent.fr\/site\/wp-content\/uploads\/2022\/10\/30E37813-E43E-4050-A112-5F5B38729AC2-scaled.jpeg\" data-orig-size=\"2560,1810\" data-comments-opened=\"0\" data-image-meta=\"{&quot;aperture&quot;:&quot;0&quot;,&quot;credit&quot;:&quot;&quot;,&quot;camera&quot;:&quot;&quot;,&quot;caption&quot;:&quot;&quot;,&quot;created_timestamp&quot;:&quot;1652039131&quot;,&quot;copyright&quot;:&quot;&quot;,&quot;focal_length&quot;:&quot;0&quot;,&quot;iso&quot;:&quot;0&quot;,&quot;shutter_speed&quot;:&quot;0&quot;,&quot;title&quot;:&quot;&quot;,&quot;orientation&quot;:&quot;1&quot;,&quot;keywords&quot;:&quot;Array&quot;}\" data-image-title=\"30E37813-E43E-4050-A112-5F5B38729AC2\" data-image-description=\"\" data-medium-file=\"https:\/\/www.gresduvent.fr\/site\/wp-content\/uploads\/2022\/10\/30E37813-E43E-4050-A112-5F5B38729AC2-300x212.jpeg\" data-large-file=\"https:\/\/www.gresduvent.fr\/site\/wp-content\/uploads\/2022\/10\/30E37813-E43E-4050-A112-5F5B38729AC2-1024x724.jpeg\" src=\"https:\/\/www.gresduvent.fr\/site\/wp-content\/uploads\/2022\/10\/30E37813-E43E-4050-A112-5F5B38729AC2-scaled.jpeg?w=791&#038;h=559\" width=\"791\" height=\"559\" align=\"left\" title=\"30E37813-E43E-4050-A112-5F5B38729AC2\" \/><\/a><\/div><\/div><\/div><\/div>\n<p>*L\u2019affiche du projet de l\u2019ann\u00e9e 2022-2023 :<\/p>\n<p><a href=\"https:\/\/www.gresduvent.fr\/site\/wp-content\/uploads\/2023\/01\/9E0ED033-158C-4B82-9B2C-64F99001B21D.jpeg\"><img loading=\"lazy\" decoding=\"async\" class=\"aligncenter wp-image-2405 size-large\" src=\"https:\/\/www.gresduvent.fr\/site\/wp-content\/uploads\/2023\/01\/9E0ED033-158C-4B82-9B2C-64F99001B21D-1024x425.jpeg\" alt=\"\" width=\"800\" height=\"332\" srcset=\"https:\/\/www.gresduvent.fr\/site\/wp-content\/uploads\/2023\/01\/9E0ED033-158C-4B82-9B2C-64F99001B21D-1024x425.jpeg 1024w, https:\/\/www.gresduvent.fr\/site\/wp-content\/uploads\/2023\/01\/9E0ED033-158C-4B82-9B2C-64F99001B21D-300x125.jpeg 300w, https:\/\/www.gresduvent.fr\/site\/wp-content\/uploads\/2023\/01\/9E0ED033-158C-4B82-9B2C-64F99001B21D-768x319.jpeg 768w, https:\/\/www.gresduvent.fr\/site\/wp-content\/uploads\/2023\/01\/9E0ED033-158C-4B82-9B2C-64F99001B21D-1536x637.jpeg 1536w, https:\/\/www.gresduvent.fr\/site\/wp-content\/uploads\/2023\/01\/9E0ED033-158C-4B82-9B2C-64F99001B21D-800x332.jpeg 800w, https:\/\/www.gresduvent.fr\/site\/wp-content\/uploads\/2023\/01\/9E0ED033-158C-4B82-9B2C-64F99001B21D-520x216.jpeg 520w, https:\/\/www.gresduvent.fr\/site\/wp-content\/uploads\/2023\/01\/9E0ED033-158C-4B82-9B2C-64F99001B21D-360x149.jpeg 360w, https:\/\/www.gresduvent.fr\/site\/wp-content\/uploads\/2023\/01\/9E0ED033-158C-4B82-9B2C-64F99001B21D-250x104.jpeg 250w, https:\/\/www.gresduvent.fr\/site\/wp-content\/uploads\/2023\/01\/9E0ED033-158C-4B82-9B2C-64F99001B21D-100x42.jpeg 100w, https:\/\/www.gresduvent.fr\/site\/wp-content\/uploads\/2023\/01\/9E0ED033-158C-4B82-9B2C-64F99001B21D.jpeg 1600w\" sizes=\"auto, (max-width: 800px) 100vw, 800px\" \/><\/a><\/p>\n<p>Il a \u00e9t\u00e9 \u00a0jou\u00e9 3 fois :<\/p>\n<p>Le 7 octobre \u00e0 la salle de spectacle de la Motte St Martin.<\/p>\n<p>Mi-octobre en soir\u00e9e \u00a0\u00e0 La Chapelle Notre Dame des neiges de Susville, \u00e9v\u00e9nement organis\u00e9 par Puits\u2019Art.<\/p>\n<p>le 18 novembre dans la cadre du festival Art M\u00e9tiss\u00e9 de la Mure \u00e0 La Mure Cin\u00e9ma Th\u00e9\u00e2tre. Horaires \u00e0 voir sur le programme du festival.<\/p>\n<h2><\/h2>\n<h2>*En 2023-2024 : cr\u00e9ation \u00ab Bonne pioche \u00bb<\/h2>\n<p>Elle \u00a0a \u00e9t\u00e9 \u00a0jou\u00e9e le samedi 6 juillet prochain au festival de Cholonge, le FROC.<\/p>\n<p>Le groupe a aussi \u00e9t\u00e9 acteur et actrices lors du festival \u00ab Plein les yeux \u00bb organis\u00e9 par La Mure Cin\u00e9ma Th\u00e9\u00e2tre pendant les vacances de f\u00e9vrier dernier en jouant devant les cameras d\u2019une \u00e9quipe de tournage du m\u00eame \u00e2ge. Ils ont pu voir le court-m\u00e9trage sur grand \u00e9cran au cin\u00e9ma !<\/p>\n<p><a href=\"https:\/\/www.gresduvent.fr\/site\/wp-content\/uploads\/2024\/05\/9CF4325B-C33C-4A3B-804F-2A3C08902832.png\"><img loading=\"lazy\" decoding=\"async\" class=\"aligncenter size-full wp-image-2617\" src=\"https:\/\/www.gresduvent.fr\/site\/wp-content\/uploads\/2024\/05\/9CF4325B-C33C-4A3B-804F-2A3C08902832.png\" alt=\"\" width=\"1620\" height=\"2160\" srcset=\"https:\/\/www.gresduvent.fr\/site\/wp-content\/uploads\/2024\/05\/9CF4325B-C33C-4A3B-804F-2A3C08902832.png 1620w, https:\/\/www.gresduvent.fr\/site\/wp-content\/uploads\/2024\/05\/9CF4325B-C33C-4A3B-804F-2A3C08902832-225x300.png 225w, https:\/\/www.gresduvent.fr\/site\/wp-content\/uploads\/2024\/05\/9CF4325B-C33C-4A3B-804F-2A3C08902832-768x1024.png 768w, https:\/\/www.gresduvent.fr\/site\/wp-content\/uploads\/2024\/05\/9CF4325B-C33C-4A3B-804F-2A3C08902832-1152x1536.png 1152w, https:\/\/www.gresduvent.fr\/site\/wp-content\/uploads\/2024\/05\/9CF4325B-C33C-4A3B-804F-2A3C08902832-1536x2048.png 1536w, https:\/\/www.gresduvent.fr\/site\/wp-content\/uploads\/2024\/05\/9CF4325B-C33C-4A3B-804F-2A3C08902832-800x1067.png 800w, https:\/\/www.gresduvent.fr\/site\/wp-content\/uploads\/2024\/05\/9CF4325B-C33C-4A3B-804F-2A3C08902832-520x693.png 520w, https:\/\/www.gresduvent.fr\/site\/wp-content\/uploads\/2024\/05\/9CF4325B-C33C-4A3B-804F-2A3C08902832-360x480.png 360w, https:\/\/www.gresduvent.fr\/site\/wp-content\/uploads\/2024\/05\/9CF4325B-C33C-4A3B-804F-2A3C08902832-250x333.png 250w, https:\/\/www.gresduvent.fr\/site\/wp-content\/uploads\/2024\/05\/9CF4325B-C33C-4A3B-804F-2A3C08902832-100x133.png 100w\" sizes=\"auto, (max-width: 1620px) 100vw, 1620px\" \/><\/a><\/p>\n<h2><\/h2>\n<h2>*En 2024-2025 : cr\u00e9ation \u00ab Allez Mathis !\u00bb<\/h2>\n<p><a href=\"https:\/\/www.gresduvent.fr\/site\/wp-content\/uploads\/2025\/05\/E27B88EB-C1DC-41BC-BC7D-560DD178852E.jpeg\"><img loading=\"lazy\" decoding=\"async\" class=\"aligncenter size-full wp-image-2669\" src=\"https:\/\/www.gresduvent.fr\/site\/wp-content\/uploads\/2025\/05\/E27B88EB-C1DC-41BC-BC7D-560DD178852E.jpeg\" alt=\"\" width=\"1495\" height=\"2340\" srcset=\"https:\/\/www.gresduvent.fr\/site\/wp-content\/uploads\/2025\/05\/E27B88EB-C1DC-41BC-BC7D-560DD178852E.jpeg 1495w, https:\/\/www.gresduvent.fr\/site\/wp-content\/uploads\/2025\/05\/E27B88EB-C1DC-41BC-BC7D-560DD178852E-192x300.jpeg 192w, https:\/\/www.gresduvent.fr\/site\/wp-content\/uploads\/2025\/05\/E27B88EB-C1DC-41BC-BC7D-560DD178852E-654x1024.jpeg 654w, https:\/\/www.gresduvent.fr\/site\/wp-content\/uploads\/2025\/05\/E27B88EB-C1DC-41BC-BC7D-560DD178852E-768x1202.jpeg 768w, https:\/\/www.gresduvent.fr\/site\/wp-content\/uploads\/2025\/05\/E27B88EB-C1DC-41BC-BC7D-560DD178852E-981x1536.jpeg 981w, https:\/\/www.gresduvent.fr\/site\/wp-content\/uploads\/2025\/05\/E27B88EB-C1DC-41BC-BC7D-560DD178852E-1308x2048.jpeg 1308w, https:\/\/www.gresduvent.fr\/site\/wp-content\/uploads\/2025\/05\/E27B88EB-C1DC-41BC-BC7D-560DD178852E-800x1252.jpeg 800w, https:\/\/www.gresduvent.fr\/site\/wp-content\/uploads\/2025\/05\/E27B88EB-C1DC-41BC-BC7D-560DD178852E-520x814.jpeg 520w, https:\/\/www.gresduvent.fr\/site\/wp-content\/uploads\/2025\/05\/E27B88EB-C1DC-41BC-BC7D-560DD178852E-360x563.jpeg 360w, https:\/\/www.gresduvent.fr\/site\/wp-content\/uploads\/2025\/05\/E27B88EB-C1DC-41BC-BC7D-560DD178852E-250x391.jpeg 250w, https:\/\/www.gresduvent.fr\/site\/wp-content\/uploads\/2025\/05\/E27B88EB-C1DC-41BC-BC7D-560DD178852E-100x157.jpeg 100w\" sizes=\"auto, (max-width: 1495px) 100vw, 1495px\" \/><\/a><\/p>\n<p>Elle a \u00e9t\u00e9 jou\u00e9e au th\u00e9\u00e2tre de la Mure sous chapiteau dans le cadre de la triennale de th\u00e9\u00e2tre le 25 mai 2025 \u00e0 15.30.<\/p>\n<p>&nbsp;<\/p>\n<p>Une deuxi\u00e8me repr\u00e9sentation compl\u00e8te s\u2019est d\u00e9roul\u00e9e \u00a0le 20 juin au<a href=\"https:\/\/www.gresduvent.fr\/site\/wp-content\/uploads\/2025\/09\/fiche-de-renseignements-2025-2026.pdf\">fiche de renseignements 2025-2026<\/a> \u00e0 la Mure.<\/p>\n<p>Un extrait a \u00e9t\u00e9 aussi pr\u00e9sent\u00e9 \u00a0le 25 juin \u00e0 la f\u00eate de l\u2019atelier Au Gr\u00e8s du vent dans la salle de Cognet.<\/p>\n<p>Le groupe a aussi \u00e9t\u00e9 acteur et actrices lors du festival \u00ab Plein les yeux \u00bb organis\u00e9 par La Mure Cin\u00e9ma Th\u00e9\u00e2tre pendant les vacances de f\u00e9vrier dernier en jouant devant les cameras d\u2019une \u00e9quipe de tournage du m\u00eame \u00e2ge. Ils ont pu voir le court-m\u00e9trage sur grand \u00e9cran au cin\u00e9ma !<\/p>\n<h1><span style=\"font-family: comic sans ms,sans-serif;\">papiers pour l\u2019inscription <\/span><span style=\"font-family: comic sans ms,sans-serif;\">2025-2026 :<\/span><\/h1>\n<p>pour inscription Poterie :<\/p>\n<p><a href=\"https:\/\/www.gresduvent.fr\/site\/wp-content\/uploads\/2025\/09\/fiche-de-renseignements-2025-2026.pdf\">fiche de renseignements 2025-2026<\/a><\/p>\n<p><a href=\"https:\/\/www.gresduvent.fr\/site\/wp-content\/uploads\/2025\/09\/charte-enfant-2025-2026.pdf\">charte enfant 2025-2026<\/a><\/p>\n<p><a href=\"https:\/\/www.gresduvent.fr\/site\/wp-content\/uploads\/2025\/09\/Charte-adulte-2025-2026.pdf\">Charte adulte 2025-2026<\/a><\/p>\n<p><a href=\"https:\/\/www.gresduvent.fr\/site\/wp-content\/uploads\/2025\/09\/auto-image-adulte.pdf\">auto image adulte<\/a><\/p>\n<p><a href=\"https:\/\/www.gresduvent.fr\/site\/wp-content\/uploads\/2025\/09\/auto-image-enfant.pdf\">auto image enfant<\/a><\/p>\n<p><a href=\"https:\/\/www.gresduvent.fr\/site\/wp-content\/uploads\/2025\/09\/charte-ados-poterie-2025-2026.pdf\">charte ados poterie 2025-2026<\/a><\/p>\n<p>Pour inscription th\u00e9\u00e2tre :<\/p>\n<p><a href=\"https:\/\/www.gresduvent.fr\/site\/wp-content\/uploads\/2025\/09\/fiche-de-renseignements-2025-2026.pdf\">fiche de renseignements 2025-2026<\/a><\/p>\n<p><a href=\"https:\/\/www.gresduvent.fr\/site\/wp-content\/uploads\/2025\/09\/charte-adultes-lezarts-2025-2026.pdf\">charte adultes lez&#8217;arts 2025-2026<\/a><\/p>\n<p><a href=\"https:\/\/www.gresduvent.fr\/site\/wp-content\/uploads\/2025\/09\/auto-image-adulte.pdf\">auto image adulte<\/a><\/p>\n<p><a href=\"https:\/\/www.gresduvent.fr\/site\/wp-content\/uploads\/2025\/09\/projets-de-lann\u00e9e-2025-2026.pdf\">projets de l&#8217;ann\u00e9e 2025-2026<\/a><\/p>\n","protected":false},"excerpt":{"rendered":"<p>Inscription\u00a0hebdomadaire 2025-2026 : Enfants ( \u00e0 partir de 5 ans) 1 cr\u00e9neau \u00a0poterie : \u00a0les mercredis de 11.00 \u00e0 12.15 (paiement \u00e9chelonn\u00e9 au trimestre : 3&#215;160\u20ac Et 10\u20ac par trimestre pour la terre) , groupe de 6 inscrits. Ados : [&hellip;]<\/p>\n","protected":false},"author":1,"featured_media":2008,"parent":0,"menu_order":0,"comment_status":"closed","ping_status":"closed","template":"","meta":{"footnotes":""},"class_list":["post-364","page","type-page","status-publish","has-post-thumbnail","hentry","clearfix"],"_links":{"self":[{"href":"https:\/\/www.gresduvent.fr\/site\/wp-json\/wp\/v2\/pages\/364","targetHints":{"allow":["GET"]}}],"collection":[{"href":"https:\/\/www.gresduvent.fr\/site\/wp-json\/wp\/v2\/pages"}],"about":[{"href":"https:\/\/www.gresduvent.fr\/site\/wp-json\/wp\/v2\/types\/page"}],"author":[{"embeddable":true,"href":"https:\/\/www.gresduvent.fr\/site\/wp-json\/wp\/v2\/users\/1"}],"replies":[{"embeddable":true,"href":"https:\/\/www.gresduvent.fr\/site\/wp-json\/wp\/v2\/comments?post=364"}],"version-history":[{"count":73,"href":"https:\/\/www.gresduvent.fr\/site\/wp-json\/wp\/v2\/pages\/364\/revisions"}],"predecessor-version":[{"id":2754,"href":"https:\/\/www.gresduvent.fr\/site\/wp-json\/wp\/v2\/pages\/364\/revisions\/2754"}],"wp:featuredmedia":[{"embeddable":true,"href":"https:\/\/www.gresduvent.fr\/site\/wp-json\/wp\/v2\/media\/2008"}],"wp:attachment":[{"href":"https:\/\/www.gresduvent.fr\/site\/wp-json\/wp\/v2\/media?parent=364"}],"curies":[{"name":"wp","href":"https:\/\/api.w.org\/{rel}","templated":true}]}}